{"id":5764,"date":"2025-07-23T18:23:20","date_gmt":"2025-07-23T16:23:20","guid":{"rendered":"https:\/\/galeriafernandez-braso.com\/?post_type=evento&#038;p=5764"},"modified":"2026-04-08T12:04:08","modified_gmt":"2026-04-08T10:04:08","slug":"julio-vaquero","status":"publish","type":"evento","link":"https:\/\/galeriafernandez-braso.com\/en\/evento\/julio-vaquero\/","title":{"rendered":"2025. Julio Vaquero"},"content":{"rendered":"<p>Presentamos la primera exposici\u00f3n del artista Julio Vaquero (Barcelona, 1958) en la galer\u00eda Fern\u00e1ndez-Braso. La muestra forma parte de Apertura 2025, inauguraci\u00f3n conjunta de la nueva temporada expositiva de las galer\u00edas de arte que forman parte de la asociaci\u00f3n Arte Madrid. &nbsp;<\/p>\n\n\n\n<p>Con&nbsp; motivo de la exposici\u00f3n y formando parte del cat\u00e1logo impreso y digital, el director de escena Xavier Albert\u00ed ha escrito un texto sobre el artista. Una breve pieza teatral en la que nombres ilustres de la cultura se dan cita en conversaci\u00f3n con un artista del tiempo presente. &nbsp;<\/p>\n\n\n<div class='yrm-content yrm-content-1 yrm-content-hide' id='yrm-KpGkb' data-id='1' data-show-status='false' data-after-action='' style=\"visibility: hidden;height: 0;\">\n\t\t\t<div id='yrm-inner-content-yrm-KpGkb' class='yrm-inner-content-wrapper yrm-cntent-1'><\/p>\n\n\n\n<p>El conjunto de obras lo conforma una selecci\u00f3n de pinturas, esculturas y dibujos representativo de los \u00faltimos 15 a\u00f1os de trabajo del artista. Escenas de interior, bodegones, naturaleza, retratos y fragmentos de cl\u00e1sicos de la historia del arte que parten de las t\u00e9cnicas tradicionales y el estudio de lo real para adentrarse en el terreno de la experimentaci\u00f3n.<\/p>\n\n\n\n<p>Esta exposici\u00f3n constituye un peque\u00f1o recorrido a trav\u00e9s de esa experiencia, desde los dibujos sobre papel vegetal creados con barras de pigmento, que combinan lo dibuj\u00edstico con lo pict\u00f3rico, hasta la elaboraci\u00f3n de una pintura moldeable que permite construir objetos tridimensionales. Con esa materia se ha creado una instalaci\u00f3n que parece evocar el deterioro ecol\u00f3gico, as\u00ed como plasmar nuestra experiencia del tiempo, todo ello usando solamente pintura solidificada.<\/p>\n\n\n\n<p>El conjunto se complementa con las \u00faltimas pinturas en las que el secado de los pigmentos crea campos de color fraccionados, una superficie da\u00f1ada en la que los objetos descansan fr\u00e1giles y quebradizos, tal vez como un reflejo de la fugacidad contempor\u00e1nea y de la experiencia de un tiempo acelerado que deja todo atr\u00e1s.<\/p>\n\n\n\n<p>Julio Vaquero crea una obra basada en el estudio y la experimentaci\u00f3n con lo real. Ha mostrado su trabajo en numerosas exposiciones personales en galer\u00edas y museos de Europa y EE UU. Tambi\u00e9n ha asesorado programas para Televisi\u00f3n Espa\u00f1ola como \u00abLa mitad invisible\u00bb o \u00abImprescindibles\u00bb de TVE2.<\/p>\n\n\n\n<p>Ha realizado escenograf\u00edas para el Teatro Nacional de Catalu\u00f1a y es asesor art\u00edstico de la Fundaci\u00f3n Sorigu\u00e9 desde el a\u00f1o 2000, con la que ha colaborado en la creaci\u00f3n de una colecci\u00f3n de arte contempor\u00e1neo que ha recibido importantes reconocimientos a nivel nacional.<\/p>\n\n\n<p><\/div>\n\t\t<\/div><div class='yrm-btn-wrapper yrm-inline-wrapper yrm-btn-wrapper-1  yrm-more-button-wrapper'><span title='Read +' data-less-title='Leer -' data-more-title='Leer +'  class='yrm-toggle-expand  yrm-toggle-expand-1' data-rel='yrm-KpGkb' data-more='Leer+' data-less='Leer -' style='border: none; width: 100%;'><span class=\"yrm-button-text-1 yrm-button-text-span\">Read+<\/span><\/span><\/div>\n\n\n\n<p><\/p>","protected":false},"excerpt":{"rendered":"<p>Presentamos la primera exposici\u00f3n del artista Julio Vaquero (Barcelona, 1958) en la galer\u00eda Fern\u00e1ndez-Braso. La muestra forma parte de Apertura [&hellip;]<\/p>\n","protected":false},"author":1,"featured_media":5774,"parent":0,"menu_order":0,"template":"","format":"standard","meta":{"_acf_changed":false,"_monsterinsights_skip_tracking":false,"_monsterinsights_sitenote_active":false,"_monsterinsights_sitenote_note":"","_monsterinsights_sitenote_category":0,"footnotes":""},"categories":[8],"class_list":["post-5764","evento","type-evento","status-publish","format-standard","has-post-thumbnail","hentry","category-exposiciones"],"acf":[],"yoast_head":"<!-- This site is optimized with the Yoast SEO plugin v27.4 - https:\/\/yoast.com\/product\/yoast-seo-wordpress\/ -->\n<title>2025. Julio Vaquero - Galer\u00eda Fernandez Braso<\/title>\n<meta name=\"robots\" content=\"index, follow, max-snippet:-1, max-image-preview:large, max-video-preview:-1\" \/>\n<link rel=\"canonical\" href=\"https:\/\/galeriafernandez-braso.com\/en\/evento\/julio-vaquero\/\" \/>\n<meta property=\"og:locale\" content=\"en_GB\" \/>\n<meta property=\"og:type\" content=\"article\" \/>\n<meta property=\"og:title\" content=\"2025. Julio Vaquero - Galer\u00eda Fernandez Braso\" \/>\n<meta property=\"og:description\" content=\"Presentamos la primera exposici\u00f3n del artista Julio Vaquero (Barcelona, 1958) en la galer\u00eda Fern\u00e1ndez-Braso. La muestra forma parte de Apertura [&hellip;]\" \/>\n<meta property=\"og:url\" content=\"https:\/\/galeriafernandez-braso.com\/en\/evento\/julio-vaquero\/\" \/>\n<meta property=\"og:site_name\" content=\"Galer\u00eda Fernandez Braso\" \/>\n<meta property=\"article:modified_time\" content=\"2026-04-08T10:04:08+00:00\" \/>\n<meta property=\"og:image\" content=\"https:\/\/galeriafernandez-braso.com\/wp-content\/uploads\/2025\/07\/Portada-Julio-Vaquero-3.webp\" \/>\n\t<meta property=\"og:image:width\" content=\"1920\" \/>\n\t<meta property=\"og:image:height\" content=\"1599\" \/>\n\t<meta property=\"og:image:type\" content=\"image\/webp\" \/>\n<meta name=\"twitter:card\" content=\"summary_large_image\" \/>\n<meta name=\"twitter:label1\" content=\"Estimated reading time\" \/>\n\t<meta name=\"twitter:data1\" content=\"2 minutes\" \/>\n<script type=\"application\/ld+json\" class=\"yoast-schema-graph\">{\"@context\":\"https:\\\/\\\/schema.org\",\"@graph\":[{\"@type\":\"WebPage\",\"@id\":\"https:\\\/\\\/galeriafernandez-braso.com\\\/evento\\\/julio-vaquero\\\/\",\"url\":\"https:\\\/\\\/galeriafernandez-braso.com\\\/evento\\\/julio-vaquero\\\/\",\"name\":\"2025. Julio Vaquero - Galer\u00eda Fernandez Braso\",\"isPartOf\":{\"@id\":\"https:\\\/\\\/galeriafernandez-braso.com\\\/#website\"},\"primaryImageOfPage\":{\"@id\":\"https:\\\/\\\/galeriafernandez-braso.com\\\/evento\\\/julio-vaquero\\\/#primaryimage\"},\"image\":{\"@id\":\"https:\\\/\\\/galeriafernandez-braso.com\\\/evento\\\/julio-vaquero\\\/#primaryimage\"},\"thumbnailUrl\":\"https:\\\/\\\/galeriafernandez-braso.com\\\/wp-content\\\/uploads\\\/2025\\\/07\\\/Portada-Julio-Vaquero-3.webp\",\"datePublished\":\"2025-07-23T16:23:20+00:00\",\"dateModified\":\"2026-04-08T10:04:08+00:00\",\"breadcrumb\":{\"@id\":\"https:\\\/\\\/galeriafernandez-braso.com\\\/evento\\\/julio-vaquero\\\/#breadcrumb\"},\"inLanguage\":\"en-GB\",\"potentialAction\":[{\"@type\":\"ReadAction\",\"target\":[\"https:\\\/\\\/galeriafernandez-braso.com\\\/evento\\\/julio-vaquero\\\/\"]}]},{\"@type\":\"ImageObject\",\"inLanguage\":\"en-GB\",\"@id\":\"https:\\\/\\\/galeriafernandez-braso.com\\\/evento\\\/julio-vaquero\\\/#primaryimage\",\"url\":\"https:\\\/\\\/galeriafernandez-braso.com\\\/wp-content\\\/uploads\\\/2025\\\/07\\\/Portada-Julio-Vaquero-3.webp\",\"contentUrl\":\"https:\\\/\\\/galeriafernandez-braso.com\\\/wp-content\\\/uploads\\\/2025\\\/07\\\/Portada-Julio-Vaquero-3.webp\",\"width\":1920,\"height\":1599},{\"@type\":\"BreadcrumbList\",\"@id\":\"https:\\\/\\\/galeriafernandez-braso.com\\\/evento\\\/julio-vaquero\\\/#breadcrumb\",\"itemListElement\":[{\"@type\":\"ListItem\",\"position\":1,\"name\":\"Portada\",\"item\":\"https:\\\/\\\/galeriafernandez-braso.com\\\/\"},{\"@type\":\"ListItem\",\"position\":2,\"name\":\"2025. Julio Vaquero\"}]},{\"@type\":\"WebSite\",\"@id\":\"https:\\\/\\\/galeriafernandez-braso.com\\\/#website\",\"url\":\"https:\\\/\\\/galeriafernandez-braso.com\\\/\",\"name\":\"Galer\u00eda Fernandez Braso\",\"description\":\"\",\"potentialAction\":[{\"@type\":\"SearchAction\",\"target\":{\"@type\":\"EntryPoint\",\"urlTemplate\":\"https:\\\/\\\/galeriafernandez-braso.com\\\/?s={search_term_string}\"},\"query-input\":{\"@type\":\"PropertyValueSpecification\",\"valueRequired\":true,\"valueName\":\"search_term_string\"}}],\"inLanguage\":\"en-GB\"}]}<\/script>\n<!-- \/ Yoast SEO plugin. -->","yoast_head_json":{"title":"2025. Julio Vaquero - Galer\u00eda Fernandez Braso","robots":{"index":"index","follow":"follow","max-snippet":"max-snippet:-1","max-image-preview":"max-image-preview:large","max-video-preview":"max-video-preview:-1"},"canonical":"https:\/\/galeriafernandez-braso.com\/en\/evento\/julio-vaquero\/","og_locale":"en_GB","og_type":"article","og_title":"2025. Julio Vaquero - Galer\u00eda Fernandez Braso","og_description":"Presentamos la primera exposici\u00f3n del artista Julio Vaquero (Barcelona, 1958) en la galer\u00eda Fern\u00e1ndez-Braso. La muestra forma parte de Apertura [&hellip;]","og_url":"https:\/\/galeriafernandez-braso.com\/en\/evento\/julio-vaquero\/","og_site_name":"Galer\u00eda Fernandez Braso","article_modified_time":"2026-04-08T10:04:08+00:00","og_image":[{"width":1920,"height":1599,"url":"https:\/\/galeriafernandez-braso.com\/wp-content\/uploads\/2025\/07\/Portada-Julio-Vaquero-3.webp","type":"image\/webp"}],"twitter_card":"summary_large_image","twitter_misc":{"Estimated reading time":"2 minutes"},"schema":{"@context":"https:\/\/schema.org","@graph":[{"@type":"WebPage","@id":"https:\/\/galeriafernandez-braso.com\/evento\/julio-vaquero\/","url":"https:\/\/galeriafernandez-braso.com\/evento\/julio-vaquero\/","name":"2025. Julio Vaquero - Galer\u00eda Fernandez Braso","isPartOf":{"@id":"https:\/\/galeriafernandez-braso.com\/#website"},"primaryImageOfPage":{"@id":"https:\/\/galeriafernandez-braso.com\/evento\/julio-vaquero\/#primaryimage"},"image":{"@id":"https:\/\/galeriafernandez-braso.com\/evento\/julio-vaquero\/#primaryimage"},"thumbnailUrl":"https:\/\/galeriafernandez-braso.com\/wp-content\/uploads\/2025\/07\/Portada-Julio-Vaquero-3.webp","datePublished":"2025-07-23T16:23:20+00:00","dateModified":"2026-04-08T10:04:08+00:00","breadcrumb":{"@id":"https:\/\/galeriafernandez-braso.com\/evento\/julio-vaquero\/#breadcrumb"},"inLanguage":"en-GB","potentialAction":[{"@type":"ReadAction","target":["https:\/\/galeriafernandez-braso.com\/evento\/julio-vaquero\/"]}]},{"@type":"ImageObject","inLanguage":"en-GB","@id":"https:\/\/galeriafernandez-braso.com\/evento\/julio-vaquero\/#primaryimage","url":"https:\/\/galeriafernandez-braso.com\/wp-content\/uploads\/2025\/07\/Portada-Julio-Vaquero-3.webp","contentUrl":"https:\/\/galeriafernandez-braso.com\/wp-content\/uploads\/2025\/07\/Portada-Julio-Vaquero-3.webp","width":1920,"height":1599},{"@type":"BreadcrumbList","@id":"https:\/\/galeriafernandez-braso.com\/evento\/julio-vaquero\/#breadcrumb","itemListElement":[{"@type":"ListItem","position":1,"name":"Portada","item":"https:\/\/galeriafernandez-braso.com\/"},{"@type":"ListItem","position":2,"name":"2025. Julio Vaquero"}]},{"@type":"WebSite","@id":"https:\/\/galeriafernandez-braso.com\/#website","url":"https:\/\/galeriafernandez-braso.com\/","name":"Galer\u00eda Fernandez Braso","description":"","potentialAction":[{"@type":"SearchAction","target":{"@type":"EntryPoint","urlTemplate":"https:\/\/galeriafernandez-braso.com\/?s={search_term_string}"},"query-input":{"@type":"PropertyValueSpecification","valueRequired":true,"valueName":"search_term_string"}}],"inLanguage":"en-GB"}]}},"_links":{"self":[{"href":"https:\/\/galeriafernandez-braso.com\/en\/wp-json\/wp\/v2\/evento\/5764","targetHints":{"allow":["GET"]}}],"collection":[{"href":"https:\/\/galeriafernandez-braso.com\/en\/wp-json\/wp\/v2\/evento"}],"about":[{"href":"https:\/\/galeriafernandez-braso.com\/en\/wp-json\/wp\/v2\/types\/evento"}],"author":[{"embeddable":true,"href":"https:\/\/galeriafernandez-braso.com\/en\/wp-json\/wp\/v2\/users\/1"}],"version-history":[{"count":10,"href":"https:\/\/galeriafernandez-braso.com\/en\/wp-json\/wp\/v2\/evento\/5764\/revisions"}],"predecessor-version":[{"id":6358,"href":"https:\/\/galeriafernandez-braso.com\/en\/wp-json\/wp\/v2\/evento\/5764\/revisions\/6358"}],"wp:featuredmedia":[{"embeddable":true,"href":"https:\/\/galeriafernandez-braso.com\/en\/wp-json\/wp\/v2\/media\/5774"}],"wp:attachment":[{"href":"https:\/\/galeriafernandez-braso.com\/en\/wp-json\/wp\/v2\/media?parent=5764"}],"wp:term":[{"taxonomy":"category","embeddable":true,"href":"https:\/\/galeriafernandez-braso.com\/en\/wp-json\/wp\/v2\/categories?post=5764"}],"curies":[{"name":"wp","href":"https:\/\/api.w.org\/{rel}","templated":true}]}}