{"id":2969,"date":"2024-08-14T20:04:23","date_gmt":"2024-08-14T18:04:23","guid":{"rendered":"https:\/\/galeriafernandez-braso.com\/?post_type=evento&#038;p=2969"},"modified":"2024-09-25T18:48:42","modified_gmt":"2024-09-25T16:48:42","slug":"2016-rosa-brun","status":"publish","type":"evento","link":"https:\/\/galeriafernandez-braso.com\/en\/evento\/2016-rosa-brun\/","title":{"rendered":"2016. Rosa Brun"},"content":{"rendered":"\n<p>La galer\u00eda de arte Fern\u00e1ndez-Braso presenta, por primera vez en este espacio, una exposici\u00f3n dedicada a la artista Rosa Brun (Madrid, 1955). La muestra se inscribe dentro del programa Apertura 2016, organizado por la Asociaci\u00f3n de Galer\u00edas de Arte Contempor\u00e1neo de Madrid.<\/p>\n\n\n\n<p>\u00abMonje a la orilla del&nbsp; Mar\u00bb, 1809-10, de C. D. Friedrich, una de las obras m\u00e1s emblem\u00e1ticas del romanticismo alem\u00e1n, ha sido para Rosa Brun una referencia art\u00edstica y emocional a lo largo de su carrera. Una peque\u00f1a figura contemplando la inmensidad de la creaci\u00f3n a trav\u00e9s de tres elementos, de tres planos de color: playa, mar y cielo. Esa experiencia religiosa, trascendental, adquiere en el siglo XIX categor\u00eda est\u00e9tica: lo sublime rom\u00e1ntico; concepto que evolucionar\u00e1 a lo largo de la Historia del Arte hasta llegar a mediados del siglo pasado a adquirir otra denominaci\u00f3n: lo sublime abstracto. Artistas como Clyfford Still, Mark Rothko y Barnett Newman muestran afinidades visuales y emocionales con sus precedentes. Las figuras y la evocaci\u00f3n de la naturaleza se transforman en grandes campos de color que sobrecogen al espectador. Robert Rosemblum, el gran cr\u00edtico e historiador norteamericano que investig\u00f3 y public\u00f3 esta deriva del arte, apunta<a href=\"https:\/\/galeriafernandez-braso.com\/2016-rosa-brun\/#_ftn1\">[1]<\/a>&nbsp;que \u00abhay un aspecto no menos fascinante de la obra de Still, que es la paradoja de que cuanto m\u00e1s elemental y monol\u00edtico es su vocabulario, m\u00e1s complejos y misteriosos son sus efectos\u00bb.&nbsp;<\/p>\n\n\n<div class='yrm-content yrm-content-1 yrm-content-hide  ' id='yrm-r9Dg2' data-id='1' data-show-status='false' data-after-action='' style=\"visibility: hidden;height: 0;\">\n\t\t\t<div id='yrm-inner-content-yrm-r9Dg2' class='yrm-inner-content-wrapper yrm-cntent-1'><\/p>\n\n\n\n<p>Rosa Brun siempre ha destacado la importancia de Rothko y Newmann en su trabajo. Tambi\u00e9n lo subrayaba<a href=\"https:\/\/galeriafernandez-braso.com\/2016-rosa-brun\/#_ftn2\">[2]<\/a>&nbsp;la comisaria M.C. Cerullo, \u00abel movimieto colorfields propone el tratamiento de la pintura como objeto aut\u00f3nomo. En esta pintura el color se libera de sus funciones denotativas, relacionales y delimitantes adquiriendo un valor independiente, ya no se presenta en peque\u00f1as superficies delimitadas geom\u00e9tricamente sino que el color satura las grandes dimensiones de las obras. Es dentro de este contexto que debemos aproximarnos a la obra de Rosa Brun\u00bb.<\/p>\n\n\n\n<p>Juan Manuel Bonet lo expres\u00f3<a href=\"https:\/\/galeriafernandez-braso.com\/2016-rosa-brun\/#_ftn3\">[3]<\/a>&nbsp;n\u00edtidamente en el texto del cat\u00e1logo de la exposici\u00f3n comisariada por Alfonso de la Torre&nbsp;<em>On colour<\/em>: \u00abPara entender el trabajo de la pintora, su rigor purista, su amor por las formas elementales y los colores rutilantes, su modo de combinar audazmente&nbsp; distintos materiales y de salirse de los l\u00edmites del cuadro y de su oficio, a veces con planteamientos que nos llevan hacia el territorio de la escultura o incluso de la instalaci\u00f3n,<\/p>\n\n\n\n<p>obviamente hay que hacer referencia al arte&nbsp;<em>minimal<\/em>&nbsp;norteamericano y sus antecedentes, pero tambi\u00e9n a sus equivalentes europeos -por ejemplo el alem\u00e1n y pionero Blinky Palermo-.\u00bb<\/p>\n\n\n\n<p>La exposici\u00f3n que podr\u00e1 verse en Fern\u00e1ndez-Braso, formada por una veintena de obras realizadas en los dos \u00faltimos a\u00f1os, es un paso m\u00e1s en la coherente y progresiva evoluci\u00f3n de Brun, \u00abplanteando diferentes lecturas del espacio y de la materia, investigando la relaci\u00f3n entre ambas, sus implicaciones perceptivas, as\u00ed como la noci\u00f3n de l\u00edmite\u00bb, en palabras<a href=\"https:\/\/galeriafernandez-braso.com\/2016-rosa-brun\/#_ftn4\">[4]<\/a>&nbsp;de la artista. Las pinturas -u objetos pintados-, est\u00e1n constituidos por diferentes planos \u00abque se solapan o tapan dejando entrever l\u00edneas y bordes semiocultos que multiplican la visi\u00f3n final de la obra, redefini\u00e9ndose en funci\u00f3n del punto de vista del espectador\u00bb.&nbsp;<\/p>\n\n\n\n<p>Los t\u00edtulos de las obras de la exposici\u00f3n hacen alusi\u00f3n a oc\u00e9anos y mares, lejanos y ex\u00f3ticos. Rojo, Negro, Kara, Aral, Baffin, Bohai, Frisia, Wadden\u2026 No es casualidad que el t\u00e9rmino latino&nbsp;<em>classicus<\/em>&nbsp;proviene de&nbsp;<em>classis<\/em>, literalmente flota (naval), con la que los romanos intentaron organizar un orden geom\u00e9trico y est\u00e9ticamente coherente en el caos sobrecogedor de las aguas del mar. Volvemos a Friedrich. Y de \u00e9l otra vez a Rosa Brun.<\/p>\n\n\n\n<p><a href=\"https:\/\/galeriafernandez-braso.com\/2016-rosa-brun\/#_ftnref1\">[1]<\/a>&nbsp;Robert Rosemblum,&nbsp;<em>Lo sublime abstracto<\/em>. En&nbsp;<em>La abstracci\u00f3n del paisaje. Del Romanticismo n\u00f3rdico al expresionismo abstracto<\/em>. Fundaci\u00f3n Juan March, Madrid, 2007-2008.<\/p>\n\n\n\n<p><a href=\"https:\/\/galeriafernandez-braso.com\/2016-rosa-brun\/#_ftnref2\">[2]<\/a>&nbsp;M.C. Cerullo,&nbsp;<em>Color on Color<\/em>, Frost Art Museum, Florida-MACBA, Buenos Aires, 2011.<\/p>\n\n\n\n<p><a href=\"https:\/\/galeriafernandez-braso.com\/2016-rosa-brun\/#_ftnref3\">[3]<\/a>&nbsp;Alfonso de la Torre,&nbsp;<em>On Colour<\/em>, \u00c1mbito Cultural de El Corte Ingl\u00e9s, Madrid, 2015.<\/p>\n\n\n\n<p><a href=\"https:\/\/galeriafernandez-braso.com\/2016-rosa-brun\/#_ftnref4\">[4]<\/a>&nbsp;Rosa Brun, en conversaci\u00f3n con la galer\u00eda.<\/p>\n\n\n<p><\/div>\n\t\t<\/div><div class='yrm-btn-wrapper yrm-inline-wrapper yrm-btn-wrapper-1  yrm-more-button-wrapper '><span title='Leer +' data-less-title='Leer -' data-more-title='Leer +'  class='yrm-toggle-expand  yrm-toggle-expand-1' data-rel='yrm-r9Dg2' data-more='Leer+' data-less='Leer -' style='border: none; width: 100%;'><span class=\"yrm-button-text-1 yrm-button-text-span\">Leer+<\/span><\/span><\/div>\n","protected":false},"excerpt":{"rendered":"<p>La galer\u00eda de arte Fern\u00e1ndez-Braso presenta, por primera vez en este espacio, una exposici\u00f3n dedicada a la artista Rosa Brun [&hellip;]<\/p>\n","protected":false},"author":1,"featured_media":2970,"parent":0,"menu_order":0,"template":"","format":"standard","meta":{"_acf_changed":false,"_monsterinsights_skip_tracking":false,"_monsterinsights_sitenote_active":false,"_monsterinsights_sitenote_note":"","_monsterinsights_sitenote_category":0,"footnotes":""},"categories":[8],"class_list":["post-2969","evento","type-evento","status-publish","format-standard","has-post-thumbnail","hentry","category-exposiciones"],"acf":[],"yoast_head":"<!-- This site is optimized with the Yoast SEO plugin v27.4 - https:\/\/yoast.com\/product\/yoast-seo-wordpress\/ -->\n<title>2016. Rosa Brun - Galer\u00eda Fernandez Braso<\/title>\n<meta name=\"robots\" content=\"index, follow, max-snippet:-1, max-image-preview:large, max-video-preview:-1\" \/>\n<link rel=\"canonical\" href=\"https:\/\/galeriafernandez-braso.com\/en\/evento\/2016-rosa-brun\/\" \/>\n<meta property=\"og:locale\" content=\"en_GB\" \/>\n<meta property=\"og:type\" content=\"article\" \/>\n<meta property=\"og:title\" content=\"2016. Rosa Brun - Galer\u00eda Fernandez Braso\" \/>\n<meta property=\"og:description\" content=\"La galer\u00eda de arte Fern\u00e1ndez-Braso presenta, por primera vez en este espacio, una exposici\u00f3n dedicada a la artista Rosa Brun [&hellip;]\" \/>\n<meta property=\"og:url\" content=\"https:\/\/galeriafernandez-braso.com\/en\/evento\/2016-rosa-brun\/\" \/>\n<meta property=\"og:site_name\" content=\"Galer\u00eda Fernandez Braso\" \/>\n<meta property=\"article:modified_time\" content=\"2024-09-25T16:48:42+00:00\" \/>\n<meta property=\"og:image\" content=\"https:\/\/galeriafernandez-braso.com\/wp-content\/uploads\/2024\/08\/2016-Rosa-Brun-804x1024.jpg\" \/>\n\t<meta property=\"og:image:width\" content=\"804\" \/>\n\t<meta property=\"og:image:height\" content=\"1024\" \/>\n\t<meta property=\"og:image:type\" content=\"image\/jpeg\" \/>\n<meta name=\"twitter:card\" content=\"summary_large_image\" \/>\n<meta name=\"twitter:label1\" content=\"Estimated reading time\" \/>\n\t<meta name=\"twitter:data1\" content=\"4 minutes\" \/>\n<script type=\"application\/ld+json\" class=\"yoast-schema-graph\">{\"@context\":\"https:\\\/\\\/schema.org\",\"@graph\":[{\"@type\":\"WebPage\",\"@id\":\"https:\\\/\\\/galeriafernandez-braso.com\\\/evento\\\/2016-rosa-brun\\\/\",\"url\":\"https:\\\/\\\/galeriafernandez-braso.com\\\/evento\\\/2016-rosa-brun\\\/\",\"name\":\"2016. Rosa Brun - Galer\u00eda Fernandez Braso\",\"isPartOf\":{\"@id\":\"https:\\\/\\\/galeriafernandez-braso.com\\\/#website\"},\"primaryImageOfPage\":{\"@id\":\"https:\\\/\\\/galeriafernandez-braso.com\\\/evento\\\/2016-rosa-brun\\\/#primaryimage\"},\"image\":{\"@id\":\"https:\\\/\\\/galeriafernandez-braso.com\\\/evento\\\/2016-rosa-brun\\\/#primaryimage\"},\"thumbnailUrl\":\"https:\\\/\\\/galeriafernandez-braso.com\\\/wp-content\\\/uploads\\\/2024\\\/08\\\/2016-Rosa-Brun.jpg\",\"datePublished\":\"2024-08-14T18:04:23+00:00\",\"dateModified\":\"2024-09-25T16:48:42+00:00\",\"breadcrumb\":{\"@id\":\"https:\\\/\\\/galeriafernandez-braso.com\\\/evento\\\/2016-rosa-brun\\\/#breadcrumb\"},\"inLanguage\":\"en-GB\",\"potentialAction\":[{\"@type\":\"ReadAction\",\"target\":[\"https:\\\/\\\/galeriafernandez-braso.com\\\/evento\\\/2016-rosa-brun\\\/\"]}]},{\"@type\":\"ImageObject\",\"inLanguage\":\"en-GB\",\"@id\":\"https:\\\/\\\/galeriafernandez-braso.com\\\/evento\\\/2016-rosa-brun\\\/#primaryimage\",\"url\":\"https:\\\/\\\/galeriafernandez-braso.com\\\/wp-content\\\/uploads\\\/2024\\\/08\\\/2016-Rosa-Brun.jpg\",\"contentUrl\":\"https:\\\/\\\/galeriafernandez-braso.com\\\/wp-content\\\/uploads\\\/2024\\\/08\\\/2016-Rosa-Brun.jpg\",\"width\":2000,\"height\":2548},{\"@type\":\"BreadcrumbList\",\"@id\":\"https:\\\/\\\/galeriafernandez-braso.com\\\/evento\\\/2016-rosa-brun\\\/#breadcrumb\",\"itemListElement\":[{\"@type\":\"ListItem\",\"position\":1,\"name\":\"Portada\",\"item\":\"https:\\\/\\\/galeriafernandez-braso.com\\\/\"},{\"@type\":\"ListItem\",\"position\":2,\"name\":\"2016. Rosa Brun\"}]},{\"@type\":\"WebSite\",\"@id\":\"https:\\\/\\\/galeriafernandez-braso.com\\\/#website\",\"url\":\"https:\\\/\\\/galeriafernandez-braso.com\\\/\",\"name\":\"Galer\u00eda Fernandez Braso\",\"description\":\"\",\"potentialAction\":[{\"@type\":\"SearchAction\",\"target\":{\"@type\":\"EntryPoint\",\"urlTemplate\":\"https:\\\/\\\/galeriafernandez-braso.com\\\/?s={search_term_string}\"},\"query-input\":{\"@type\":\"PropertyValueSpecification\",\"valueRequired\":true,\"valueName\":\"search_term_string\"}}],\"inLanguage\":\"en-GB\"}]}<\/script>\n<!-- \/ Yoast SEO plugin. -->","yoast_head_json":{"title":"2016. Rosa Brun - Galer\u00eda Fernandez Braso","robots":{"index":"index","follow":"follow","max-snippet":"max-snippet:-1","max-image-preview":"max-image-preview:large","max-video-preview":"max-video-preview:-1"},"canonical":"https:\/\/galeriafernandez-braso.com\/en\/evento\/2016-rosa-brun\/","og_locale":"en_GB","og_type":"article","og_title":"2016. Rosa Brun - Galer\u00eda Fernandez Braso","og_description":"La galer\u00eda de arte Fern\u00e1ndez-Braso presenta, por primera vez en este espacio, una exposici\u00f3n dedicada a la artista Rosa Brun [&hellip;]","og_url":"https:\/\/galeriafernandez-braso.com\/en\/evento\/2016-rosa-brun\/","og_site_name":"Galer\u00eda Fernandez Braso","article_modified_time":"2024-09-25T16:48:42+00:00","og_image":[{"width":804,"height":1024,"url":"https:\/\/galeriafernandez-braso.com\/wp-content\/uploads\/2024\/08\/2016-Rosa-Brun-804x1024.jpg","type":"image\/jpeg"}],"twitter_card":"summary_large_image","twitter_misc":{"Estimated reading time":"4 minutes"},"schema":{"@context":"https:\/\/schema.org","@graph":[{"@type":"WebPage","@id":"https:\/\/galeriafernandez-braso.com\/evento\/2016-rosa-brun\/","url":"https:\/\/galeriafernandez-braso.com\/evento\/2016-rosa-brun\/","name":"2016. Rosa Brun - Galer\u00eda Fernandez Braso","isPartOf":{"@id":"https:\/\/galeriafernandez-braso.com\/#website"},"primaryImageOfPage":{"@id":"https:\/\/galeriafernandez-braso.com\/evento\/2016-rosa-brun\/#primaryimage"},"image":{"@id":"https:\/\/galeriafernandez-braso.com\/evento\/2016-rosa-brun\/#primaryimage"},"thumbnailUrl":"https:\/\/galeriafernandez-braso.com\/wp-content\/uploads\/2024\/08\/2016-Rosa-Brun.jpg","datePublished":"2024-08-14T18:04:23+00:00","dateModified":"2024-09-25T16:48:42+00:00","breadcrumb":{"@id":"https:\/\/galeriafernandez-braso.com\/evento\/2016-rosa-brun\/#breadcrumb"},"inLanguage":"en-GB","potentialAction":[{"@type":"ReadAction","target":["https:\/\/galeriafernandez-braso.com\/evento\/2016-rosa-brun\/"]}]},{"@type":"ImageObject","inLanguage":"en-GB","@id":"https:\/\/galeriafernandez-braso.com\/evento\/2016-rosa-brun\/#primaryimage","url":"https:\/\/galeriafernandez-braso.com\/wp-content\/uploads\/2024\/08\/2016-Rosa-Brun.jpg","contentUrl":"https:\/\/galeriafernandez-braso.com\/wp-content\/uploads\/2024\/08\/2016-Rosa-Brun.jpg","width":2000,"height":2548},{"@type":"BreadcrumbList","@id":"https:\/\/galeriafernandez-braso.com\/evento\/2016-rosa-brun\/#breadcrumb","itemListElement":[{"@type":"ListItem","position":1,"name":"Portada","item":"https:\/\/galeriafernandez-braso.com\/"},{"@type":"ListItem","position":2,"name":"2016. Rosa Brun"}]},{"@type":"WebSite","@id":"https:\/\/galeriafernandez-braso.com\/#website","url":"https:\/\/galeriafernandez-braso.com\/","name":"Galer\u00eda Fernandez Braso","description":"","potentialAction":[{"@type":"SearchAction","target":{"@type":"EntryPoint","urlTemplate":"https:\/\/galeriafernandez-braso.com\/?s={search_term_string}"},"query-input":{"@type":"PropertyValueSpecification","valueRequired":true,"valueName":"search_term_string"}}],"inLanguage":"en-GB"}]}},"_links":{"self":[{"href":"https:\/\/galeriafernandez-braso.com\/en\/wp-json\/wp\/v2\/evento\/2969","targetHints":{"allow":["GET"]}}],"collection":[{"href":"https:\/\/galeriafernandez-braso.com\/en\/wp-json\/wp\/v2\/evento"}],"about":[{"href":"https:\/\/galeriafernandez-braso.com\/en\/wp-json\/wp\/v2\/types\/evento"}],"author":[{"embeddable":true,"href":"https:\/\/galeriafernandez-braso.com\/en\/wp-json\/wp\/v2\/users\/1"}],"version-history":[{"count":4,"href":"https:\/\/galeriafernandez-braso.com\/en\/wp-json\/wp\/v2\/evento\/2969\/revisions"}],"predecessor-version":[{"id":4808,"href":"https:\/\/galeriafernandez-braso.com\/en\/wp-json\/wp\/v2\/evento\/2969\/revisions\/4808"}],"wp:featuredmedia":[{"embeddable":true,"href":"https:\/\/galeriafernandez-braso.com\/en\/wp-json\/wp\/v2\/media\/2970"}],"wp:attachment":[{"href":"https:\/\/galeriafernandez-braso.com\/en\/wp-json\/wp\/v2\/media?parent=2969"}],"wp:term":[{"taxonomy":"category","embeddable":true,"href":"https:\/\/galeriafernandez-braso.com\/en\/wp-json\/wp\/v2\/categories?post=2969"}],"curies":[{"name":"wp","href":"https:\/\/api.w.org\/{rel}","templated":true}]}}