{"id":1838,"date":"2024-08-08T18:19:37","date_gmt":"2024-08-08T16:19:37","guid":{"rendered":"https:\/\/galeriafernandez-braso.com\/?post_type=artista&#038;p=1838"},"modified":"2025-04-29T19:22:52","modified_gmt":"2025-04-29T17:22:52","slug":"guillermo-martin-bermejo","status":"publish","type":"artista","link":"https:\/\/galeriafernandez-braso.com\/en\/artista\/guillermo-martin-bermejo\/","title":{"rendered":"Mart\u00edn Bermejo Guillermo"},"content":{"rendered":"<p>His drawings depict a romantic world populated by fragile beings that emerge from the myths and literature of the west. Some are almost fragments without end, intimate portraits drawn in pages taken from old books and broken you buy at flea markets. Other drawings become scenes developed where these characters interact in the scenarios and traditions of the places where the artist lives. Its quality seemingly na\u00efve uses the past as a poetic space in which to tell their own memories and life experiences. The fiction overlaps with the reality and the narrative of classical artists are intertwined with the life of William.<br><br>La galer\u00eda Fern\u00e1ndez-Braso mantiene en su fondo una selecci\u00f3n de obra del artista. En la actualidad, GMB est\u00e1 representado por la galer\u00eda James Freeman de Londres, donde expondr\u00e1 pr\u00f3ximamente.<\/p>","protected":false},"excerpt":{"rendered":"<p>Sus dibujos describen un mundo rom\u00e1ntico poblado por seres fr\u00e1giles que surgen de los mitos y de la literatura occidental. [&hellip;]<\/p>\n","protected":false},"author":1,"featured_media":1839,"parent":0,"menu_order":0,"template":"","format":"standard","meta":{"_acf_changed":false,"_monsterinsights_skip_tracking":false,"_monsterinsights_sitenote_active":false,"_monsterinsights_sitenote_note":"","_monsterinsights_sitenote_category":0,"footnotes":""},"class_list":["post-1838","artista","type-artista","status-publish","format-standard","has-post-thumbnail","hentry"],"acf":[],"yoast_head":"<!-- This site is optimized with the Yoast SEO plugin v27.5 - https:\/\/yoast.com\/product\/yoast-seo-wordpress\/ -->\n<title>Guillermo Mart\u00edn Bermejo \u25b6\ufe0e\u3010Obras del artista \u2714\ufe0f \u3011<\/title>\n<meta name=\"robots\" content=\"index, follow, max-snippet:-1, max-image-preview:large, max-video-preview:-1\" \/>\n<link rel=\"canonical\" href=\"https:\/\/galeriafernandez-braso.com\/en\/artista\/guillermo-martin-bermejo\/\" \/>\n<meta property=\"og:locale\" content=\"en_GB\" \/>\n<meta property=\"og:type\" content=\"article\" \/>\n<meta property=\"og:title\" content=\"Guillermo Mart\u00edn Bermejo \u25b6\ufe0e\u3010Obras del artista \u2714\ufe0f \u3011\" \/>\n<meta property=\"og:description\" content=\"Sus dibujos describen un mundo rom\u00e1ntico poblado por seres fr\u00e1giles que surgen de los mitos y de la literatura occidental. [&hellip;]\" \/>\n<meta property=\"og:url\" content=\"https:\/\/galeriafernandez-braso.com\/en\/artista\/guillermo-martin-bermejo\/\" \/>\n<meta property=\"og:site_name\" content=\"Galer\u00eda Fernandez Braso\" \/>\n<meta property=\"article:modified_time\" content=\"2025-04-29T17:22:52+00:00\" \/>\n<meta property=\"og:image\" content=\"https:\/\/galeriafernandez-braso.com\/wp-content\/uploads\/2024\/08\/Retrato-Guillermo-Martinez.jpg\" \/>\n\t<meta property=\"og:image:width\" content=\"500\" \/>\n\t<meta property=\"og:image:height\" content=\"395\" \/>\n\t<meta property=\"og:image:type\" content=\"image\/jpeg\" \/>\n<meta name=\"twitter:card\" content=\"summary_large_image\" \/>\n<meta name=\"twitter:label1\" content=\"Estimated reading time\" \/>\n\t<meta name=\"twitter:data1\" content=\"1 minute\" \/>\n<script type=\"application\/ld+json\" class=\"yoast-schema-graph\">{\"@context\":\"https:\\\/\\\/schema.org\",\"@graph\":[{\"@type\":\"WebPage\",\"@id\":\"https:\\\/\\\/galeriafernandez-braso.com\\\/artista\\\/guillermo-martin-bermejo\\\/\",\"url\":\"https:\\\/\\\/galeriafernandez-braso.com\\\/artista\\\/guillermo-martin-bermejo\\\/\",\"name\":\"Guillermo Mart\u00edn Bermejo \u25b6\ufe0e\u3010Obras del artista \u2714\ufe0f \u3011\",\"isPartOf\":{\"@id\":\"https:\\\/\\\/galeriafernandez-braso.com\\\/#website\"},\"primaryImageOfPage\":{\"@id\":\"https:\\\/\\\/galeriafernandez-braso.com\\\/artista\\\/guillermo-martin-bermejo\\\/#primaryimage\"},\"image\":{\"@id\":\"https:\\\/\\\/galeriafernandez-braso.com\\\/artista\\\/guillermo-martin-bermejo\\\/#primaryimage\"},\"thumbnailUrl\":\"https:\\\/\\\/galeriafernandez-braso.com\\\/wp-content\\\/uploads\\\/2024\\\/08\\\/Retrato-Guillermo-Martinez.jpg\",\"datePublished\":\"2024-08-08T16:19:37+00:00\",\"dateModified\":\"2025-04-29T17:22:52+00:00\",\"breadcrumb\":{\"@id\":\"https:\\\/\\\/galeriafernandez-braso.com\\\/artista\\\/guillermo-martin-bermejo\\\/#breadcrumb\"},\"inLanguage\":\"en-GB\",\"potentialAction\":[{\"@type\":\"ReadAction\",\"target\":[\"https:\\\/\\\/galeriafernandez-braso.com\\\/artista\\\/guillermo-martin-bermejo\\\/\"]}]},{\"@type\":\"ImageObject\",\"inLanguage\":\"en-GB\",\"@id\":\"https:\\\/\\\/galeriafernandez-braso.com\\\/artista\\\/guillermo-martin-bermejo\\\/#primaryimage\",\"url\":\"https:\\\/\\\/galeriafernandez-braso.com\\\/wp-content\\\/uploads\\\/2024\\\/08\\\/Retrato-Guillermo-Martinez.jpg\",\"contentUrl\":\"https:\\\/\\\/galeriafernandez-braso.com\\\/wp-content\\\/uploads\\\/2024\\\/08\\\/Retrato-Guillermo-Martinez.jpg\",\"width\":500,\"height\":395},{\"@type\":\"BreadcrumbList\",\"@id\":\"https:\\\/\\\/galeriafernandez-braso.com\\\/artista\\\/guillermo-martin-bermejo\\\/#breadcrumb\",\"itemListElement\":[{\"@type\":\"ListItem\",\"position\":1,\"name\":\"Portada\",\"item\":\"https:\\\/\\\/galeriafernandez-braso.com\\\/\"},{\"@type\":\"ListItem\",\"position\":2,\"name\":\"Artistas\",\"item\":\"https:\\\/\\\/galeriafernandez-braso.com\\\/artista\\\/\"},{\"@type\":\"ListItem\",\"position\":3,\"name\":\"Mart\u00edn Bermejo Guillermo\"}]},{\"@type\":\"WebSite\",\"@id\":\"https:\\\/\\\/galeriafernandez-braso.com\\\/#website\",\"url\":\"https:\\\/\\\/galeriafernandez-braso.com\\\/\",\"name\":\"Galer\u00eda Fernandez Braso\",\"description\":\"\",\"potentialAction\":[{\"@type\":\"SearchAction\",\"target\":{\"@type\":\"EntryPoint\",\"urlTemplate\":\"https:\\\/\\\/galeriafernandez-braso.com\\\/?s={search_term_string}\"},\"query-input\":{\"@type\":\"PropertyValueSpecification\",\"valueRequired\":true,\"valueName\":\"search_term_string\"}}],\"inLanguage\":\"en-GB\"}]}<\/script>\n<!-- \/ Yoast SEO plugin. -->","yoast_head_json":{"title":"Guillermo Mart\u00edn Bermejo \u25b6\ufe0e\u3010Obras del artista \u2714\ufe0f \u3011","robots":{"index":"index","follow":"follow","max-snippet":"max-snippet:-1","max-image-preview":"max-image-preview:large","max-video-preview":"max-video-preview:-1"},"canonical":"https:\/\/galeriafernandez-braso.com\/en\/artista\/guillermo-martin-bermejo\/","og_locale":"en_GB","og_type":"article","og_title":"Guillermo Mart\u00edn Bermejo \u25b6\ufe0e\u3010Obras del artista \u2714\ufe0f \u3011","og_description":"Sus dibujos describen un mundo rom\u00e1ntico poblado por seres fr\u00e1giles que surgen de los mitos y de la literatura occidental. [&hellip;]","og_url":"https:\/\/galeriafernandez-braso.com\/en\/artista\/guillermo-martin-bermejo\/","og_site_name":"Galer\u00eda Fernandez Braso","article_modified_time":"2025-04-29T17:22:52+00:00","og_image":[{"width":500,"height":395,"url":"https:\/\/galeriafernandez-braso.com\/wp-content\/uploads\/2024\/08\/Retrato-Guillermo-Martinez.jpg","type":"image\/jpeg"}],"twitter_card":"summary_large_image","twitter_misc":{"Estimated reading time":"1 minute"},"schema":{"@context":"https:\/\/schema.org","@graph":[{"@type":"WebPage","@id":"https:\/\/galeriafernandez-braso.com\/artista\/guillermo-martin-bermejo\/","url":"https:\/\/galeriafernandez-braso.com\/artista\/guillermo-martin-bermejo\/","name":"Guillermo Mart\u00edn Bermejo \u25b6\ufe0e\u3010Obras del artista \u2714\ufe0f \u3011","isPartOf":{"@id":"https:\/\/galeriafernandez-braso.com\/#website"},"primaryImageOfPage":{"@id":"https:\/\/galeriafernandez-braso.com\/artista\/guillermo-martin-bermejo\/#primaryimage"},"image":{"@id":"https:\/\/galeriafernandez-braso.com\/artista\/guillermo-martin-bermejo\/#primaryimage"},"thumbnailUrl":"https:\/\/galeriafernandez-braso.com\/wp-content\/uploads\/2024\/08\/Retrato-Guillermo-Martinez.jpg","datePublished":"2024-08-08T16:19:37+00:00","dateModified":"2025-04-29T17:22:52+00:00","breadcrumb":{"@id":"https:\/\/galeriafernandez-braso.com\/artista\/guillermo-martin-bermejo\/#breadcrumb"},"inLanguage":"en-GB","potentialAction":[{"@type":"ReadAction","target":["https:\/\/galeriafernandez-braso.com\/artista\/guillermo-martin-bermejo\/"]}]},{"@type":"ImageObject","inLanguage":"en-GB","@id":"https:\/\/galeriafernandez-braso.com\/artista\/guillermo-martin-bermejo\/#primaryimage","url":"https:\/\/galeriafernandez-braso.com\/wp-content\/uploads\/2024\/08\/Retrato-Guillermo-Martinez.jpg","contentUrl":"https:\/\/galeriafernandez-braso.com\/wp-content\/uploads\/2024\/08\/Retrato-Guillermo-Martinez.jpg","width":500,"height":395},{"@type":"BreadcrumbList","@id":"https:\/\/galeriafernandez-braso.com\/artista\/guillermo-martin-bermejo\/#breadcrumb","itemListElement":[{"@type":"ListItem","position":1,"name":"Portada","item":"https:\/\/galeriafernandez-braso.com\/"},{"@type":"ListItem","position":2,"name":"Artistas","item":"https:\/\/galeriafernandez-braso.com\/artista\/"},{"@type":"ListItem","position":3,"name":"Mart\u00edn Bermejo Guillermo"}]},{"@type":"WebSite","@id":"https:\/\/galeriafernandez-braso.com\/#website","url":"https:\/\/galeriafernandez-braso.com\/","name":"Galer\u00eda Fernandez Braso","description":"","potentialAction":[{"@type":"SearchAction","target":{"@type":"EntryPoint","urlTemplate":"https:\/\/galeriafernandez-braso.com\/?s={search_term_string}"},"query-input":{"@type":"PropertyValueSpecification","valueRequired":true,"valueName":"search_term_string"}}],"inLanguage":"en-GB"}]}},"_links":{"self":[{"href":"https:\/\/galeriafernandez-braso.com\/en\/wp-json\/wp\/v2\/artista\/1838","targetHints":{"allow":["GET"]}}],"collection":[{"href":"https:\/\/galeriafernandez-braso.com\/en\/wp-json\/wp\/v2\/artista"}],"about":[{"href":"https:\/\/galeriafernandez-braso.com\/en\/wp-json\/wp\/v2\/types\/artista"}],"author":[{"embeddable":true,"href":"https:\/\/galeriafernandez-braso.com\/en\/wp-json\/wp\/v2\/users\/1"}],"version-history":[{"count":9,"href":"https:\/\/galeriafernandez-braso.com\/en\/wp-json\/wp\/v2\/artista\/1838\/revisions"}],"predecessor-version":[{"id":5490,"href":"https:\/\/galeriafernandez-braso.com\/en\/wp-json\/wp\/v2\/artista\/1838\/revisions\/5490"}],"wp:featuredmedia":[{"embeddable":true,"href":"https:\/\/galeriafernandez-braso.com\/en\/wp-json\/wp\/v2\/media\/1839"}],"wp:attachment":[{"href":"https:\/\/galeriafernandez-braso.com\/en\/wp-json\/wp\/v2\/media?parent=1838"}],"curies":[{"name":"wp","href":"https:\/\/api.w.org\/{rel}","templated":true}]}}